{"id":1599,"date":"2025-11-10T17:44:24","date_gmt":"2025-11-10T16:44:24","guid":{"rendered":"https:\/\/cpcs.international\/?page_id=1599"},"modified":"2025-11-10T23:43:58","modified_gmt":"2025-11-10T22:43:58","slug":"rwanda","status":"publish","type":"page","link":"https:\/\/cpcs.international\/index.php\/rwanda\/","title":{"rendered":"CPCS au Rwanda (CPCS-Africa)"},"content":{"rendered":"\t\t<div data-elementor-type=\"wp-page\" data-elementor-id=\"1599\" class=\"elementor elementor-1599\">\n\t\t\t\t<div class=\"elementor-element elementor-element-3b3110e e-flex e-con-boxed e-con e-parent\" data-id=\"3b3110e\" data-element_type=\"container\">\n\t\t\t\t\t<div class=\"e-con-inner\">\n\t\t\t\t<div class=\"elementor-element elementor-element-dd89ffc elementor-widget elementor-widget-heading\" data-id=\"dd89ffc\" data-element_type=\"widget\" data-widget_type=\"heading.default\">\n\t\t\t\t\t<h2 class=\"elementor-heading-title elementor-size-default\">CPCS au Rwanda<\/h2>\t\t\t\t<\/div>\n\t\t\t\t<div class=\"elementor-element elementor-element-222ccd7 elementor-widget-divider--view-line elementor-widget elementor-widget-divider\" data-id=\"222ccd7\" data-element_type=\"widget\" data-widget_type=\"divider.default\">\n\t\t\t\t\t\t\t<div class=\"elementor-divider\">\n\t\t\t<span class=\"elementor-divider-separator\">\n\t\t\t\t\t\t<\/span>\n\t\t<\/div>\n\t\t\t\t\t\t<\/div>\n\t\t\t\t\t<\/div>\n\t\t\t\t<\/div>\n\t\t<div class=\"elementor-element elementor-element-4622391 e-flex e-con-boxed e-con e-parent\" data-id=\"4622391\" data-element_type=\"container\">\n\t\t\t\t\t<div class=\"e-con-inner\">\n\t\t\t\t<div class=\"elementor-element elementor-element-a3622e3 elementor-view-framed elementor-shape-circle elementor-position-top elementor-mobile-position-top elementor-widget elementor-widget-icon-box\" data-id=\"a3622e3\" data-element_type=\"widget\" data-widget_type=\"icon-box.default\">\n\t\t\t\t\t\t\t<div class=\"elementor-icon-box-wrapper\">\n\n\t\t\t\t\t\t<div class=\"elementor-icon-box-icon\">\n\t\t\t\t<span  class=\"elementor-icon\">\n\t\t\t\t<svg xmlns=\"http:\/\/www.w3.org\/2000\/svg\" id=\"emoji\" viewBox=\"0 0 72 72\"><g id=\"color\"><rect x=\"5\" y=\"17\" width=\"62\" height=\"38\" fill=\"#61b2e4\"><\/rect><rect x=\"5\" y=\"36\" width=\"62\" height=\"9\" fill=\"#fcea2b\"><\/rect><rect x=\"5\" y=\"45\" width=\"62\" height=\"10\" fill=\"#5c9e31\"><\/rect><polygon fill=\"#fcea2b\" stroke=\"#fcea2b\" stroke-linecap=\"round\" stroke-linejoin=\"round\" points=\"56.296 24.896 58 22.536 56.808 25.192 59.464 24 57.104 25.704 60 26 57.104 26.296 59.464 28 56.808 26.808 58 29.464 56.296 27.104 56 30 55.704 27.104 54 29.464 55.192 26.808 52.536 28 54.896 26.296 52 26 54.896 25.704 52.536 24 55.192 25.192 54 22.536 55.704 24.896 56 22 56.296 24.896\"><\/polygon><\/g><g id=\"line\"><rect x=\"5\" y=\"17\" width=\"62\" height=\"38\" fill=\"none\" stroke=\"#000\" stroke-linecap=\"round\" stroke-linejoin=\"round\" stroke-width=\"2\"><\/rect><\/g><\/svg>\t\t\t\t<\/span>\n\t\t\t<\/div>\n\t\t\t\n\t\t\t\t\t\t<div class=\"elementor-icon-box-content\">\n\n\t\t\t\t\t\t\t\t\t<h3 class=\"elementor-icon-box-title\">\n\t\t\t\t\t\t<span  >\n\t\t\t\t\t\t\tCPCS AFRICA\t\t\t\t\t\t<\/span>\n\t\t\t\t\t<\/h3>\n\t\t\t\t\n\t\t\t\t\t\t\t\t\t<p class=\"elementor-icon-box-description\">\n\t\t\t\t\t\tPr\u00e9sente depuis au Rwanda depuis 2023, CPCS-Africa, branche r\u00e9gionale de CPCS, est une <b>ONG de droit rwandais<\/b> officiellement enregistr\u00e9e aupr\u00e8s des autorit\u00e9s nationales. Son action s\u2019inscrit dans une <b>coop\u00e9ration exemplaire avec les institutions du pays <\/b>: le Minist\u00e8re de la Gouvernance Locale, le District de Nyamagabe, les secteurs de Nyagisozi et de Kibaga, ainsi que les services sociaux et \u00e9ducatifs de terrain. \t\t\t\t\t<\/p>\n\t\t\t\t\n\t\t\t<\/div>\n\t\t\t\n\t\t<\/div>\n\t\t\t\t\t\t<\/div>\n\t\t\t\t<div class=\"elementor-element elementor-element-768837f elementor-widget-divider--view-line elementor-widget elementor-widget-divider\" data-id=\"768837f\" data-element_type=\"widget\" data-widget_type=\"divider.default\">\n\t\t\t\t\t\t\t<div class=\"elementor-divider\">\n\t\t\t<span class=\"elementor-divider-separator\">\n\t\t\t\t\t\t<\/span>\n\t\t<\/div>\n\t\t\t\t\t\t<\/div>\n\t\t\t\t\t<\/div>\n\t\t\t\t<\/div>\n\t\t<div class=\"elementor-element elementor-element-f53150d e-flex e-con-boxed e-con e-parent\" data-id=\"f53150d\" data-element_type=\"container\">\n\t\t\t\t\t<div class=\"e-con-inner\">\n\t\t\t\t<div class=\"elementor-element elementor-element-f5fefc3 elementor-widget elementor-widget-heading\" data-id=\"f5fefc3\" data-element_type=\"widget\" data-widget_type=\"heading.default\">\n\t\t\t\t\t<h2 class=\"elementor-heading-title elementor-size-default\">NOTRE MISSION<\/h2>\t\t\t\t<\/div>\n\t\t\t\t<div class=\"elementor-element elementor-element-ebf32ad elementor-widget elementor-widget-text-editor\" data-id=\"ebf32ad\" data-element_type=\"widget\" data-widget_type=\"text-editor.default\">\n\t\t\t\t\t\t\t\t\t<p>L\u2019approche de CPCS-Africa prot\u00e8ge les droits des enfants et soutient les structures locales :<\/p>\t\t\t\t\t\t\t\t<\/div>\n\t\t\t\t\t<\/div>\n\t\t\t\t<\/div>\n\t\t<div class=\"elementor-element elementor-element-ed5d465 e-flex e-con-boxed e-con e-parent\" data-id=\"ed5d465\" data-element_type=\"container\">\n\t\t\t\t\t<div class=\"e-con-inner\">\n\t\t\t\t<div class=\"elementor-element elementor-element-1c68cd9 elementor-align-center elementor-icon-list--layout-traditional elementor-list-item-link-full_width elementor-widget elementor-widget-icon-list\" data-id=\"1c68cd9\" data-element_type=\"widget\" data-widget_type=\"icon-list.default\">\n\t\t\t\t\t\t\t<ul class=\"elementor-icon-list-items\">\n\t\t\t\t\t\t\t<li class=\"elementor-icon-list-item\">\n\t\t\t\t\t\t\t\t\t\t\t<span class=\"elementor-icon-list-icon\">\n\t\t\t\t\t\t\t<svg aria-hidden=\"true\" class=\"e-font-icon-svg e-fas-handshake-slash\" viewBox=\"0 0 640 512\" xmlns=\"http:\/\/www.w3.org\/2000\/svg\"><path d=\"M0,128.21V384H64a32,32,0,0,0,32-32V184L23.83,128.21ZM48,320.1a16,16,0,1,1-16,16A16,16,0,0,1,48,320.1Zm80,31.81h18.3l90.5,81.89a64,64,0,0,0,90-9.3l.2-.2,17.91,15.5a37.16,37.16,0,0,0,52.29-5.39l8.8-10.82L128,208.72Zm416-223.7V352.1a32,32,0,0,0,32,32h64V128.21ZM592,352.1a16,16,0,1,1,16-16A16,16,0,0,1,592,352.1ZM303.33,202.67l59.58-54.57a16,16,0,0,1,21.59,23.61L358.41,195.6,504,313.8a73.08,73.08,0,0,1,7.91,7.7V128L457.3,73.41A31.76,31.76,0,0,0,434.7,64H348.8a31.93,31.93,0,0,0-21.6,8.41l-88.07,80.64-25.64-19.81L289.09,64H205.3a32,32,0,0,0-22.6,9.41L162.36,93.72,45.47,3.38A16,16,0,0,0,23,6.19L3.38,31.46A16,16,0,0,0,6.19,53.91L594.53,508.63A16,16,0,0,0,617,505.82l19.65-25.27a16,16,0,0,0-2.82-22.45Z\"><\/path><\/svg>\t\t\t\t\t\t<\/span>\n\t\t\t\t\t\t\t\t\t\t<span class=\"elementor-icon-list-text\">Pr\u00e9venir l'exclusion<\/span>\n\t\t\t\t\t\t\t\t\t<\/li>\n\t\t\t\t\t\t\t\t<li class=\"elementor-icon-list-item\">\n\t\t\t\t\t\t\t\t\t\t\t<span class=\"elementor-icon-list-icon\">\n\t\t\t\t\t\t\t<svg aria-hidden=\"true\" class=\"e-font-icon-svg e-fas-shield-alt\" viewBox=\"0 0 512 512\" xmlns=\"http:\/\/www.w3.org\/2000\/svg\"><path d=\"M466.5 83.7l-192-80a48.15 48.15 0 0 0-36.9 0l-192 80C27.7 91.1 16 108.6 16 128c0 198.5 114.5 335.7 221.5 380.3 11.8 4.9 25.1 4.9 36.9 0C360.1 472.6 496 349.3 496 128c0-19.4-11.7-36.9-29.5-44.3zM256.1 446.3l-.1-381 175.9 73.3c-3.3 151.4-82.1 261.1-175.8 307.7z\"><\/path><\/svg>\t\t\t\t\t\t<\/span>\n\t\t\t\t\t\t\t\t\t\t<span class=\"elementor-icon-list-text\">Prot\u00e9ger les enfants vuln\u00e9rables<\/span>\n\t\t\t\t\t\t\t\t\t<\/li>\n\t\t\t\t\t\t\t\t<li class=\"elementor-icon-list-item\">\n\t\t\t\t\t\t\t\t\t\t\t<span class=\"elementor-icon-list-icon\">\n\t\t\t\t\t\t\t<svg aria-hidden=\"true\" class=\"e-font-icon-svg e-fas-users\" viewBox=\"0 0 640 512\" xmlns=\"http:\/\/www.w3.org\/2000\/svg\"><path d=\"M96 224c35.3 0 64-28.7 64-64s-28.7-64-64-64-64 28.7-64 64 28.7 64 64 64zm448 0c35.3 0 64-28.7 64-64s-28.7-64-64-64-64 28.7-64 64 28.7 64 64 64zm32 32h-64c-17.6 0-33.5 7.1-45.1 18.6 40.3 22.1 68.9 62 75.1 109.4h66c17.7 0 32-14.3 32-32v-32c0-35.3-28.7-64-64-64zm-256 0c61.9 0 112-50.1 112-112S381.9 32 320 32 208 82.1 208 144s50.1 112 112 112zm76.8 32h-8.3c-20.8 10-43.9 16-68.5 16s-47.6-6-68.5-16h-8.3C179.6 288 128 339.6 128 403.2V432c0 26.5 21.5 48 48 48h288c26.5 0 48-21.5 48-48v-28.8c0-63.6-51.6-115.2-115.2-115.2zm-223.7-13.4C161.5 263.1 145.6 256 128 256H64c-35.3 0-64 28.7-64 64v32c0 17.7 14.3 32 32 32h65.9c6.3-47.4 34.9-87.3 75.2-109.4z\"><\/path><\/svg>\t\t\t\t\t\t<\/span>\n\t\t\t\t\t\t\t\t\t\t<span class=\"elementor-icon-list-text\">Renforcer les familles et les communaut\u00e9s<\/span>\n\t\t\t\t\t\t\t\t\t<\/li>\n\t\t\t\t\t\t<\/ul>\n\t\t\t\t\t\t<\/div>\n\t\t\t\t<div class=\"elementor-element elementor-element-e2be646 elementor-widget-divider--view-line elementor-widget elementor-widget-divider\" data-id=\"e2be646\" data-element_type=\"widget\" data-widget_type=\"divider.default\">\n\t\t\t\t\t\t\t<div class=\"elementor-divider\">\n\t\t\t<span class=\"elementor-divider-separator\">\n\t\t\t\t\t\t<\/span>\n\t\t<\/div>\n\t\t\t\t\t\t<\/div>\n\t\t\t\t<div class=\"elementor-element elementor-element-2713f08 elementor-widget elementor-widget-heading\" data-id=\"2713f08\" data-element_type=\"widget\" data-widget_type=\"heading.default\">\n\t\t\t\t\t<h2 class=\"elementor-heading-title elementor-size-default\">L'ACTION RWANDAISE<\/h2>\t\t\t\t<\/div>\n\t\t\t\t\t<\/div>\n\t\t\t\t<\/div>\n\t\t<div class=\"elementor-element elementor-element-6e4c987 e-flex e-con-boxed e-con e-parent\" data-id=\"6e4c987\" data-element_type=\"container\">\n\t\t\t\t\t<div class=\"e-con-inner\">\n\t\t\t\t<div class=\"elementor-element elementor-element-dc19c16 elementor-widget elementor-widget-text-editor\" data-id=\"dc19c16\" data-element_type=\"widget\" data-widget_type=\"text-editor.default\">\n\t\t\t\t\t\t\t\t\t<p><em>Cliquez sur chaque action pour en savoir plus sur nos activit\u00e9s au Rwanda.<\/em><\/p>\t\t\t\t\t\t\t\t<\/div>\n\t\t\t\t<div class=\"elementor-element elementor-element-d2036d4 ec-toggle elementor-widget elementor-widget-elementor-companion-accordion-toggle\" data-id=\"d2036d4\" data-element_type=\"widget\" data-widget_type=\"elementor-companion-accordion-toggle.default\">\n\t\t\t\t<div class=\"elementor-widget-container\">\n\t\t\t\t\t\n\t\t<div class=\"ec-at-wrapper ec-at__style-2\">\n\t\t\t\t\t\t\t<div class=\"ec-at-item \">\n\t\t\t\t\t<div id=\"ec-tab-title-5691\" class=\"ec-tab-title\" aria-controls=\"ec-tab-content-5691\">\n\t\t\t\t\t\t\t\t\t\t\t\t\t<span class=\"ec-at-icon ec-at-icon--\">\n\t\t\t\t\t\t\t\t<span class=\"ec-icon-close\">\n\t\t\t\t\t\t\t\t\t<svg class=\"e-font-icon-svg e-fas-plus\" viewBox=\"0 0 448 512\" xmlns=\"http:\/\/www.w3.org\/2000\/svg\"><path d=\"M416 208H272V64c0-17.67-14.33-32-32-32h-32c-17.67 0-32 14.33-32 32v144H32c-17.67 0-32 14.33-32 32v32c0 17.67 14.33 32 32 32h144v144c0 17.67 14.33 32 32 32h32c17.67 0 32-14.33 32-32V304h144c17.67 0 32-14.33 32-32v-32c0-17.67-14.33-32-32-32z\"><\/path><\/svg>\t\t\t\t\t\t\t\t<\/span>\n\t\t\t\t\t\t\t\t<span class=\"ec-icon-open\">\n\t\t\t\t\t\t\t\t\t<svg class=\"e-font-icon-svg e-fas-minus\" viewBox=\"0 0 448 512\" xmlns=\"http:\/\/www.w3.org\/2000\/svg\"><path d=\"M416 208H32c-17.67 0-32 14.33-32 32v32c0 17.67 14.33 32 32 32h384c17.67 0 32-14.33 32-32v-32c0-17.67-14.33-32-32-32z\"><\/path><\/svg>\t\t\t\t\t\t\t\t<\/span>\n\t\t\t\t\t\t\t<\/span>\n\t\t\t\t\t\t\n\t\t\t\t\t\t<a href=\"\">Le Family Care Center (FCC) \u2013 Nyagisozi, Nyamagabe District<\/a>\n\t\t\t\t\t<\/div>\n\n\t\t\t\t\t<div id=\"ec-tab-content-5691\" class=\"ec-tab-content\" data-tab=\"1\">\n\t\t\t\t\t\t<p><strong>Un espace de bien-\u00eatre, d\u2019apprentissage et de dignit\u00e9<\/strong><\/p><p>Au c\u0153ur du District de Nyamagabe (secteur de Nyagisozi), se trouve le Family Care Center (FCC) :<strong> un lieu de vie et de protection qui accueille chaque jour 110 \u00e0 130 enfants<\/strong> sur une capacit\u00e9 maximale de 150.<\/p><p>Le centre offre un environnement structur\u00e9 et bienveillant, o\u00f9 chaque enfant peut apprendre, se soigner, s\u2019exprimer et retrouver confiance.<\/p><p><strong>Les services couverts par le centre incluent: <\/strong><br \/>&#8211; repas \u00e9quilibr\u00e9s et collation quotidienne<br \/>&#8211; appui scolaire, alphab\u00e9tisation et tutorat<br \/>&#8211; activit\u00e9s sportives, artistiques et \u00e9ducatives<br \/>&#8211; suivi de sant\u00e9 et accompagnement psychologique<br \/>&#8211; formation \u00e0 l\u2019hygi\u00e8ne et aux comp\u00e9tences de vie<br \/>&#8211; s\u00e9ances de parentalit\u00e9 et r\u00e9unions mensuelles avec les familles<br \/>&#8211; soutien d\u2019urgence pour les m\u00e9nages les plus fragiles.<\/p><p>Chaque mois, le FCC assure \u00e9galement un suivi de sant\u00e9 rigoureux : <strong>en 2025, 39 enfants ont \u00e9t\u00e9 pris en charge<\/strong> pour divers probl\u00e8mes m\u00e9dicaux, et chaque situation a fait l\u2019objet d\u2019un accompagnement personnalis\u00e9 et d\u2019une visite \u00e0 domicile.<\/p><p>Chaque enfant est unique. Notre r\u00f4le est de l\u2019\u00e9couter, de l\u2019accompagner et de lui redonner le droit de r\u00eaver.<\/p>\t\t\t\t\t<\/div>\n\t\t\t\t<\/div>\n\t\t\t\t\t\t\t<div class=\"ec-at-item \">\n\t\t\t\t\t<div id=\"ec-tab-title-5691\" class=\"ec-tab-title\" aria-controls=\"ec-tab-content-5691\">\n\t\t\t\t\t\t\t\t\t\t\t\t\t<span class=\"ec-at-icon ec-at-icon--\">\n\t\t\t\t\t\t\t\t<span class=\"ec-icon-close\">\n\t\t\t\t\t\t\t\t\t<svg class=\"e-font-icon-svg e-fas-plus\" viewBox=\"0 0 448 512\" xmlns=\"http:\/\/www.w3.org\/2000\/svg\"><path d=\"M416 208H272V64c0-17.67-14.33-32-32-32h-32c-17.67 0-32 14.33-32 32v144H32c-17.67 0-32 14.33-32 32v32c0 17.67 14.33 32 32 32h144v144c0 17.67 14.33 32 32 32h32c17.67 0 32-14.33 32-32V304h144c17.67 0 32-14.33 32-32v-32c0-17.67-14.33-32-32-32z\"><\/path><\/svg>\t\t\t\t\t\t\t\t<\/span>\n\t\t\t\t\t\t\t\t<span class=\"ec-icon-open\">\n\t\t\t\t\t\t\t\t\t<svg class=\"e-font-icon-svg e-fas-minus\" viewBox=\"0 0 448 512\" xmlns=\"http:\/\/www.w3.org\/2000\/svg\"><path d=\"M416 208H32c-17.67 0-32 14.33-32 32v32c0 17.67 14.33 32 32 32h384c17.67 0 32-14.33 32-32v-32c0-17.67-14.33-32-32-32z\"><\/path><\/svg>\t\t\t\t\t\t\t\t<\/span>\n\t\t\t\t\t\t\t<\/span>\n\t\t\t\t\t\t\n\t\t\t\t\t\t<a href=\"\">Le programme CLASS \u2013 Agir dans les \u00e9coles et les communaut\u00e9s<\/a>\n\t\t\t\t\t<\/div>\n\n\t\t\t\t\t<div id=\"ec-tab-content-5691\" class=\"ec-tab-content\" data-tab=\"2\">\n\t\t\t\t\t\t<p>Le programme CLASS <em>(CPCS-Local Action Support and Services)<\/em> compl\u00e8te le travail du FCC en agissant au c\u0153ur des \u00e9coles et des villages.<\/p><p>Il est mis en \u0153uvre avec les autorit\u00e9s \u00e9ducatives locales, les directeurs d\u2019\u00e9coles et les comit\u00e9s communautaires.<\/p><p><strong>Ses principales actions :<\/strong><br \/>&#8211; formation des enseignants et \u00e9l\u00e8ves aux droits de l\u2019enfant et \u00e0 la pr\u00e9vention des violences<br \/>&#8211; promotion de la sant\u00e9, de l\u2019hygi\u00e8ne et de la pr\u00e9vention des maladies<br \/>&#8211; appui aux cantines scolaires et distribution de mat\u00e9riel d\u2019apprentissage<br \/>&#8211; campagnes communautaires sur la protection et la lutte contre le d\u00e9crochage scolaire<br \/>&#8211; mobilisation des parents et leaders locaux pour une \u00e9ducation plus inclusive<\/p><p>Ces initiatives permettent de <strong>renforcer la pr\u00e9vention des situations de rue et de cr\u00e9er un environnement protecteur<\/strong> autour de chaque enfant.<\/p>\t\t\t\t\t<\/div>\n\t\t\t\t<\/div>\n\t\t\t\t\t\t\t<div class=\"ec-at-item \">\n\t\t\t\t\t<div id=\"ec-tab-title-5691\" class=\"ec-tab-title\" aria-controls=\"ec-tab-content-5691\">\n\t\t\t\t\t\t\t\t\t\t\t\t\t<span class=\"ec-at-icon ec-at-icon--\">\n\t\t\t\t\t\t\t\t<span class=\"ec-icon-close\">\n\t\t\t\t\t\t\t\t\t<svg class=\"e-font-icon-svg e-fas-plus\" viewBox=\"0 0 448 512\" xmlns=\"http:\/\/www.w3.org\/2000\/svg\"><path d=\"M416 208H272V64c0-17.67-14.33-32-32-32h-32c-17.67 0-32 14.33-32 32v144H32c-17.67 0-32 14.33-32 32v32c0 17.67 14.33 32 32 32h144v144c0 17.67 14.33 32 32 32h32c17.67 0 32-14.33 32-32V304h144c17.67 0 32-14.33 32-32v-32c0-17.67-14.33-32-32-32z\"><\/path><\/svg>\t\t\t\t\t\t\t\t<\/span>\n\t\t\t\t\t\t\t\t<span class=\"ec-icon-open\">\n\t\t\t\t\t\t\t\t\t<svg class=\"e-font-icon-svg e-fas-minus\" viewBox=\"0 0 448 512\" xmlns=\"http:\/\/www.w3.org\/2000\/svg\"><path d=\"M416 208H32c-17.67 0-32 14.33-32 32v32c0 17.67 14.33 32 32 32h384c17.67 0 32-14.33 32-32v-32c0-17.67-14.33-32-32-32z\"><\/path><\/svg>\t\t\t\t\t\t\t\t<\/span>\n\t\t\t\t\t\t\t<\/span>\n\t\t\t\t\t\t\n\t\t\t\t\t\t<a href=\"\">Sensibilisation et participation communautaire<\/a>\n\t\t\t\t\t<\/div>\n\n\t\t\t\t\t<div id=\"ec-tab-content-5691\" class=\"ec-tab-content\" data-tab=\"3\">\n\t\t\t\t\t\t<p>Pour CPCS-Africa, le changement durable vient de la <strong>mobilisation des communaut\u00e9s<\/strong>.<\/p><p><strong>Au cours du premier semestre 2025, plusieurs activit\u00e9s ont marqu\u00e9 la vie locale : <\/strong><br \/>&#8211; un match amical avec Compassion International, symbole d\u2019unit\u00e9 et de joie<br \/>&#8211; la participation officielle aux comm\u00e9morations nationales du g\u00e9nocide, avec un don solidaire aux familles survivantes<br \/>&#8211; des \u00e9lections d\u2019enfants-leaders au sein du FCC, promouvant la participation et la repr\u00e9sentation des jeunes.<\/p><p>Chaque semaine, l\u2019\u00e9quipe r\u00e9alise des <strong>visites \u00e0 domicile<\/strong> pour suivre les enfants et soutenir les familles.<\/p><p>Les enfants ne sont pas seulement b\u00e9n\u00e9ficiaires, <strong>ils sont acteurs de leur propre d\u00e9veloppement<\/strong>. Leurs opinions, leurs id\u00e9es et leurs initiatives guident l\u2019\u00e9volution de nos programmes.<\/p>\t\t\t\t\t<\/div>\n\t\t\t\t<\/div>\n\t\t\t\t\t\t\t<div class=\"ec-at-item \">\n\t\t\t\t\t<div id=\"ec-tab-title-5691\" class=\"ec-tab-title\" aria-controls=\"ec-tab-content-5691\">\n\t\t\t\t\t\t\t\t\t\t\t\t\t<span class=\"ec-at-icon ec-at-icon--\">\n\t\t\t\t\t\t\t\t<span class=\"ec-icon-close\">\n\t\t\t\t\t\t\t\t\t<svg class=\"e-font-icon-svg e-fas-plus\" viewBox=\"0 0 448 512\" xmlns=\"http:\/\/www.w3.org\/2000\/svg\"><path d=\"M416 208H272V64c0-17.67-14.33-32-32-32h-32c-17.67 0-32 14.33-32 32v144H32c-17.67 0-32 14.33-32 32v32c0 17.67 14.33 32 32 32h144v144c0 17.67 14.33 32 32 32h32c17.67 0 32-14.33 32-32V304h144c17.67 0 32-14.33 32-32v-32c0-17.67-14.33-32-32-32z\"><\/path><\/svg>\t\t\t\t\t\t\t\t<\/span>\n\t\t\t\t\t\t\t\t<span class=\"ec-icon-open\">\n\t\t\t\t\t\t\t\t\t<svg class=\"e-font-icon-svg e-fas-minus\" viewBox=\"0 0 448 512\" xmlns=\"http:\/\/www.w3.org\/2000\/svg\"><path d=\"M416 208H32c-17.67 0-32 14.33-32 32v32c0 17.67 14.33 32 32 32h384c17.67 0 32-14.33 32-32v-32c0-17.67-14.33-32-32-32z\"><\/path><\/svg>\t\t\t\t\t\t\t\t<\/span>\n\t\t\t\t\t\t\t<\/span>\n\t\t\t\t\t\t\n\t\t\t\t\t\t<a href=\"\">Actions de sant\u00e9, nutrition et bien-\u00eatre<\/a>\n\t\t\t\t\t<\/div>\n\n\t\t\t\t\t<div id=\"ec-tab-content-5691\" class=\"ec-tab-content\" data-tab=\"4\">\n\t\t\t\t\t\t<p>La sant\u00e9 physique et mentale des enfants reste au c\u0153ur de notre engagement.<\/p><p><strong>Entre janvier et juin 2025, CPCS-Africa a : <\/strong><br \/>&#8211; distribu\u00e9 des repas nutritifs quotidiens \u00e0 tous les enfants du centre<br \/>&#8211; offert une assistance m\u00e9dicale de base et des orientations vers les structures de sant\u00e9<br \/>&#8211; soutenu plus de 500 enfants dans leur adh\u00e9sion \u00e0 la Mutuelle de Sant\u00e9 nationale<br \/>&#8211; organis\u00e9 des campagnes d\u2019hygi\u00e8ne et de pr\u00e9vention dans les \u00e9coles et villages<br \/>&#8211; am\u00e9lior\u00e9 l\u2019acc\u00e8s \u00e0 l\u2019eau potable et aux installations sanitaires.<\/p><p>Ces actions concr\u00e8tes traduisent <strong>notre contribution directe aux ODD 3 et 10 et \u00e0 la strat\u00e9gie nationale rwandaise de sant\u00e9 communautaire<\/strong>.<\/p>\t\t\t\t\t<\/div>\n\t\t\t\t<\/div>\n\t\t\t\t\t\t\t<div class=\"ec-at-item \">\n\t\t\t\t\t<div id=\"ec-tab-title-5691\" class=\"ec-tab-title\" aria-controls=\"ec-tab-content-5691\">\n\t\t\t\t\t\t\t\t\t\t\t\t\t<span class=\"ec-at-icon ec-at-icon--\">\n\t\t\t\t\t\t\t\t<span class=\"ec-icon-close\">\n\t\t\t\t\t\t\t\t\t<svg class=\"e-font-icon-svg e-fas-plus\" viewBox=\"0 0 448 512\" xmlns=\"http:\/\/www.w3.org\/2000\/svg\"><path d=\"M416 208H272V64c0-17.67-14.33-32-32-32h-32c-17.67 0-32 14.33-32 32v144H32c-17.67 0-32 14.33-32 32v32c0 17.67 14.33 32 32 32h144v144c0 17.67 14.33 32 32 32h32c17.67 0 32-14.33 32-32V304h144c17.67 0 32-14.33 32-32v-32c0-17.67-14.33-32-32-32z\"><\/path><\/svg>\t\t\t\t\t\t\t\t<\/span>\n\t\t\t\t\t\t\t\t<span class=\"ec-icon-open\">\n\t\t\t\t\t\t\t\t\t<svg class=\"e-font-icon-svg e-fas-minus\" viewBox=\"0 0 448 512\" xmlns=\"http:\/\/www.w3.org\/2000\/svg\"><path d=\"M416 208H32c-17.67 0-32 14.33-32 32v32c0 17.67 14.33 32 32 32h384c17.67 0 32-14.33 32-32v-32c0-17.67-14.33-32-32-32z\"><\/path><\/svg>\t\t\t\t\t\t\t\t<\/span>\n\t\t\t\t\t\t\t<\/span>\n\t\t\t\t\t\t\n\t\t\t\t\t\t<a href=\"\">Une \u00e9troite collaboration institutionnelle<\/a>\n\t\t\t\t\t<\/div>\n\n\t\t\t\t\t<div id=\"ec-tab-content-5691\" class=\"ec-tab-content\" data-tab=\"5\">\n\t\t\t\t\t\t<p>Le succ\u00e8s de CPCS-Africa repose sur une coop\u00e9ration constante et transparente avec les autorit\u00e9s \u00e0 tous les niveaux.<\/p><p><strong> Au niveau national<\/strong> : CPCS-Africa travaille en lien \u00e9troit avec le Minist\u00e8re de la Gouvernance Locale, le Minist\u00e8re du Genre et de la Promotion de la Famille et les services de protection de l\u2019enfance.<\/p><p><strong>Au niveau local<\/strong> : nos \u00e9quipes collaborent chaque jour avec le District de Nyamagabe, les officiers des affaires sociales des secteurs, les directeurs d\u2019\u00e9cole et comit\u00e9s scolaires, les leaders communautaires et comit\u00e9s de quartier, les centres de sant\u00e9 et services de la Mutuelle de Sant\u00e9.<\/p><p>Des r\u00e9unions r\u00e9guli\u00e8res, un suivi partag\u00e9 et des outils de planification communs garantissent <strong>une coordination fluide et align\u00e9e sur les politiques nationales<\/strong>.<\/p>\t\t\t\t\t<\/div>\n\t\t\t\t<\/div>\n\t\t\t\t\t<\/div>\n\n\t\t\t\t\t\t<\/div>\n\t\t\t\t<\/div>\n\t\t\t\t\t<\/div>\n\t\t\t\t<\/div>\n\t\t<div class=\"elementor-element elementor-element-6ee2151 e-flex e-con-boxed e-con e-parent\" data-id=\"6ee2151\" data-element_type=\"container\">\n\t\t\t\t\t<div class=\"e-con-inner\">\n\t\t\t\t<div class=\"elementor-element elementor-element-fdb84bb elementor-widget-divider--view-line elementor-widget elementor-widget-divider\" data-id=\"fdb84bb\" data-element_type=\"widget\" data-widget_type=\"divider.default\">\n\t\t\t\t\t\t\t<div class=\"elementor-divider\">\n\t\t\t<span class=\"elementor-divider-separator\">\n\t\t\t\t\t\t<\/span>\n\t\t<\/div>\n\t\t\t\t\t\t<\/div>\n\t\t\t\t\t<\/div>\n\t\t\t\t<\/div>\n\t\t<div class=\"elementor-element elementor-element-f937430 e-flex e-con-boxed e-con e-parent\" data-id=\"f937430\" data-element_type=\"container\">\n\t\t\t\t\t<div class=\"e-con-inner\">\n\t\t\t\t<div class=\"elementor-element elementor-element-834df2a elementor-widget elementor-widget-heading\" data-id=\"834df2a\" data-element_type=\"widget\" data-widget_type=\"heading.default\">\n\t\t\t\t\t<h2 class=\"elementor-heading-title elementor-size-default\">PERSPECTIVES 2025-2026<\/h2>\t\t\t\t<\/div>\n\t\t\t\t\t<\/div>\n\t\t\t\t<\/div>\n\t\t<div class=\"elementor-element elementor-element-185e173 e-flex e-con-boxed e-con e-parent\" data-id=\"185e173\" data-element_type=\"container\">\n\t\t\t\t\t<div class=\"e-con-inner\">\n\t\t\t\t<div class=\"elementor-element elementor-element-2b4e2ce elementor-widget elementor-widget-text-editor\" data-id=\"2b4e2ce\" data-element_type=\"widget\" data-widget_type=\"text-editor.default\">\n\t\t\t\t\t\t\t\t\t<p>Les six premiers mois de 2025 ont confirm\u00e9 la pertinence du mod\u00e8le communautaire :\u00a0<strong>quand la protection se construit localement, elle devient durable<\/strong>. Pour les mois \u00e0 venir, CPCS-Africa pr\u00e9voit les chantiers suivants :<\/p>\t\t\t\t\t\t\t\t<\/div>\n\t\t\t\t<div class=\"elementor-element elementor-element-14124d2 elementor-align-left elementor-icon-list--layout-traditional elementor-list-item-link-full_width elementor-widget elementor-widget-icon-list\" data-id=\"14124d2\" data-element_type=\"widget\" data-widget_type=\"icon-list.default\">\n\t\t\t\t\t\t\t<ul class=\"elementor-icon-list-items\">\n\t\t\t\t\t\t\t<li class=\"elementor-icon-list-item\">\n\t\t\t\t\t\t\t\t\t\t\t<span class=\"elementor-icon-list-icon\">\n\t\t\t\t\t\t\t<svg aria-hidden=\"true\" class=\"e-font-icon-svg e-fas-dot-circle\" viewBox=\"0 0 512 512\" xmlns=\"http:\/\/www.w3.org\/2000\/svg\"><path d=\"M256 8C119.033 8 8 119.033 8 256s111.033 248 248 248 248-111.033 248-248S392.967 8 256 8zm80 248c0 44.112-35.888 80-80 80s-80-35.888-80-80 35.888-80 80-80 80 35.888 80 80z\"><\/path><\/svg>\t\t\t\t\t\t<\/span>\n\t\t\t\t\t\t\t\t\t\t<span class=\"elementor-icon-list-text\">Extension du mod\u00e8le FCC\/CLASS \u00e0 d\u2019autres secteurs du district<\/span>\n\t\t\t\t\t\t\t\t\t<\/li>\n\t\t\t\t\t\t\t\t<li class=\"elementor-icon-list-item\">\n\t\t\t\t\t\t\t\t\t\t\t<span class=\"elementor-icon-list-icon\">\n\t\t\t\t\t\t\t<svg aria-hidden=\"true\" class=\"e-font-icon-svg e-fas-dot-circle\" viewBox=\"0 0 512 512\" xmlns=\"http:\/\/www.w3.org\/2000\/svg\"><path d=\"M256 8C119.033 8 8 119.033 8 256s111.033 248 248 248 248-111.033 248-248S392.967 8 256 8zm80 248c0 44.112-35.888 80-80 80s-80-35.888-80-80 35.888-80 80-80 80 35.888 80 80z\"><\/path><\/svg>\t\t\t\t\t\t<\/span>\n\t\t\t\t\t\t\t\t\t\t<span class=\"elementor-icon-list-text\">Finalisation de la Mutuelle de Sant\u00e9 pour plus de 500 enfants<\/span>\n\t\t\t\t\t\t\t\t\t<\/li>\n\t\t\t\t\t\t\t\t<li class=\"elementor-icon-list-item\">\n\t\t\t\t\t\t\t\t\t\t\t<span class=\"elementor-icon-list-icon\">\n\t\t\t\t\t\t\t<svg aria-hidden=\"true\" class=\"e-font-icon-svg e-fas-dot-circle\" viewBox=\"0 0 512 512\" xmlns=\"http:\/\/www.w3.org\/2000\/svg\"><path d=\"M256 8C119.033 8 8 119.033 8 256s111.033 248 248 248 248-111.033 248-248S392.967 8 256 8zm80 248c0 44.112-35.888 80-80 80s-80-35.888-80-80 35.888-80 80-80 80 35.888 80 80z\"><\/path><\/svg>\t\t\t\t\t\t<\/span>\n\t\t\t\t\t\t\t\t\t\t<span class=\"elementor-icon-list-text\">Renforcement des liens avec les autorit\u00e9s locales et nationales<\/span>\n\t\t\t\t\t\t\t\t\t<\/li>\n\t\t\t\t\t\t\t\t<li class=\"elementor-icon-list-item\">\n\t\t\t\t\t\t\t\t\t\t\t<span class=\"elementor-icon-list-icon\">\n\t\t\t\t\t\t\t<svg aria-hidden=\"true\" class=\"e-font-icon-svg e-fas-dot-circle\" viewBox=\"0 0 512 512\" xmlns=\"http:\/\/www.w3.org\/2000\/svg\"><path d=\"M256 8C119.033 8 8 119.033 8 256s111.033 248 248 248 248-111.033 248-248S392.967 8 256 8zm80 248c0 44.112-35.888 80-80 80s-80-35.888-80-80 35.888-80 80-80 80 35.888 80 80z\"><\/path><\/svg>\t\t\t\t\t\t<\/span>\n\t\t\t\t\t\t\t\t\t\t<span class=\"elementor-icon-list-text\">Lancement d\u2019une recherche qualitative sur la vuln\u00e9rabilit\u00e9 et la mobilit\u00e9 des enfants<\/span>\n\t\t\t\t\t\t\t\t\t<\/li>\n\t\t\t\t\t\t\t\t<li class=\"elementor-icon-list-item\">\n\t\t\t\t\t\t\t\t\t\t\t<span class=\"elementor-icon-list-icon\">\n\t\t\t\t\t\t\t<svg aria-hidden=\"true\" class=\"e-font-icon-svg e-fas-dot-circle\" viewBox=\"0 0 512 512\" xmlns=\"http:\/\/www.w3.org\/2000\/svg\"><path d=\"M256 8C119.033 8 8 119.033 8 256s111.033 248 248 248 248-111.033 248-248S392.967 8 256 8zm80 248c0 44.112-35.888 80-80 80s-80-35.888-80-80 35.888-80 80-80 80 35.888 80 80z\"><\/path><\/svg>\t\t\t\t\t\t<\/span>\n\t\t\t\t\t\t\t\t\t\t<span class=\"elementor-icon-list-text\">Formation continue du personnel pour garantir des services de qualit\u00e9.<\/span>\n\t\t\t\t\t\t\t\t\t<\/li>\n\t\t\t\t\t\t<\/ul>\n\t\t\t\t\t\t<\/div>\n\t\t\t\t<div class=\"elementor-element elementor-element-89dca23 elementor-widget-divider--view-line elementor-widget elementor-widget-divider\" data-id=\"89dca23\" data-element_type=\"widget\" data-widget_type=\"divider.default\">\n\t\t\t\t\t\t\t<div class=\"elementor-divider\">\n\t\t\t<span class=\"elementor-divider-separator\">\n\t\t\t\t\t\t<\/span>\n\t\t<\/div>\n\t\t\t\t\t\t<\/div>\n\t\t\t\t\t<\/div>\n\t\t\t\t<\/div>\n\t\t<div class=\"elementor-element elementor-element-a769c39 e-flex e-con-boxed e-con e-parent\" data-id=\"a769c39\" data-element_type=\"container\">\n\t\t\t\t\t<div class=\"e-con-inner\">\n\t\t\t\t<div class=\"elementor-element elementor-element-1157c99 elementor-widget elementor-widget-testimonial\" data-id=\"1157c99\" data-element_type=\"widget\" data-widget_type=\"testimonial.default\">\n\t\t\t\t\t\t\t<div class=\"elementor-testimonial-wrapper\">\n\t\t\t\t\t\t\t<div class=\"elementor-testimonial-content\">\u00ab Les enfants d\u2019aujourd\u2019hui sont les leaders de demain. Ils ne sont pas seulement l\u2019avenir, ils sont aussi le pr\u00e9sent. \u00bb<\/div>\n\t\t\t\n\t\t\t\t\t\t<div class=\"elementor-testimonial-meta elementor-has-image elementor-testimonial-image-position-aside\">\n\t\t\t\t<div class=\"elementor-testimonial-meta-inner\">\n\t\t\t\t\t\t\t\t\t\t\t<div class=\"elementor-testimonial-image\">\n\t\t\t\t\t\t\t<img fetchpriority=\"high\" decoding=\"async\" width=\"2560\" height=\"1703\" src=\"https:\/\/cpcs.international\/wp-content\/uploads\/2025\/11\/Graca_Machel_World_Economic_Forum_on_Africa_2010-scaled.jpg\" class=\"attachment-full size-full wp-image-1607\" alt=\"\" srcset=\"https:\/\/cpcs.international\/wp-content\/uploads\/2025\/11\/Graca_Machel_World_Economic_Forum_on_Africa_2010-scaled.jpg 2560w, https:\/\/cpcs.international\/wp-content\/uploads\/2025\/11\/Graca_Machel_World_Economic_Forum_on_Africa_2010-300x200.jpg 300w, https:\/\/cpcs.international\/wp-content\/uploads\/2025\/11\/Graca_Machel_World_Economic_Forum_on_Africa_2010-1024x681.jpg 1024w, https:\/\/cpcs.international\/wp-content\/uploads\/2025\/11\/Graca_Machel_World_Economic_Forum_on_Africa_2010-768x511.jpg 768w, https:\/\/cpcs.international\/wp-content\/uploads\/2025\/11\/Graca_Machel_World_Economic_Forum_on_Africa_2010-1536x1022.jpg 1536w, https:\/\/cpcs.international\/wp-content\/uploads\/2025\/11\/Graca_Machel_World_Economic_Forum_on_Africa_2010-2048x1363.jpg 2048w\" sizes=\"(max-width: 2560px) 100vw, 2560px\" \/>\t\t\t\t\t\t<\/div>\n\t\t\t\t\t\n\t\t\t\t\t\t\t\t\t\t<div class=\"elementor-testimonial-details\">\n\t\t\t\t\t\t\t\t\t\t\t\t\t\t<div class=\"elementor-testimonial-name\">Gra\u00e7a Machel<\/div>\n\t\t\t\t\t\t\t\t\t\t\t\t\t\t\t\t\t\t\t\t\t\t<div class=\"elementor-testimonial-job\">Ancienne ministre mozambicaine<\/div>\n\t\t\t\t\t\t\t\t\t\t\t\t\t<\/div>\n\t\t\t\t\t\t\t\t\t<\/div>\n\t\t\t<\/div>\n\t\t\t\t\t<\/div>\n\t\t\t\t\t\t<\/div>\n\t\t\t\t\t<\/div>\n\t\t\t\t<\/div>\n\t\t<div class=\"elementor-element elementor-element-ce0ffeb e-flex e-con-boxed e-con e-parent\" data-id=\"ce0ffeb\" data-element_type=\"container\">\n\t\t\t\t\t<div class=\"e-con-inner\">\n\t\t\t\t\t<\/div>\n\t\t\t\t<\/div>\n\t\t\t\t<\/div>\n\t\t","protected":false},"excerpt":{"rendered":"<p>CPCS au Rwanda CPCS AFRICA Pr\u00e9sente depuis au Rwanda depuis 2023, CPCS-Africa, branche r\u00e9gionale de CPCS, est une ONG de droit rwandais officiellement enregistr\u00e9e aupr\u00e8s des autorit\u00e9s nationales. Son action s\u2019inscrit dans une coop\u00e9ration exemplaire avec les institutions du pays : le Minist\u00e8re de la Gouvernance Locale, le District de Nyamagabe, les secteurs de Nyagisozi[&hellip;]<\/p>\n","protected":false},"author":1,"featured_media":0,"parent":0,"menu_order":0,"comment_status":"closed","ping_status":"closed","template":"","meta":{"zakra_general_container_width":0,"zakra_general_content_width":0,"zakra_general_sidebar_width":0,"zakra_sticky_header":"customizer","zakra_header_main_area":true,"zakra_site_logo_width":0,"zakra_header_top_enabled":"customizer","zakra_header_top_style":"customizer","zakra_primary_menu_item_style":"customizer","zakra_page_header_text_color":"","zakra_page_header_layout":"customizer","zakra_page_title_bg":"","zakra_footer_widgets_bg_image":0,"zakra_page_title_bg_repeat":"customizer","zakra_page_title_bg_position":"customizer","zakra_page_title_bg_size":"customizer","zakra_page_title_bg_attachment":"customizer","zakra_breadcrumbs_enabled":"customizer","zakra_breadcrumbs_text_color":"","zakra_breadcrumbs_separator_color":"","zakra_breadcrumbs_link_color":"","zakra_breadcrumbs_link_hover_color":"","zakra_page_title_bg_image":0,"zakra_footer_widgets_enabled":"customizer","zakra_footer_column_layout_1_style":"customizer","zakra_footer_widgets_bg":"","zakra_footer_widgets_bg_repeat":"customizer","zakra_footer_widgets_bg_position":"customizer","zakra_footer_widgets_bg_size":"customizer","zakra_footer_widgets_bg_attachment":"customizer","zakra_footer_bar_enabled":"customizer","zakra_footer_bar_style":"customizer","zakra_sidebar_layout":"customizer","zakra_remove_content_margin":false,"zakra_sidebar":"customizer","zakra_transparent_header":"customizer","zakra_logo":0,"zakra_main_header_style":"default","zakra_menu_item_color":"","zakra_menu_item_hover_color":"","zakra_menu_item_active_color":"","zakra_menu_active_style":"","zakra_page_header":true,"_monsterinsights_skip_tracking":false,"_monsterinsights_sitenote_active":false,"_monsterinsights_sitenote_note":"","_monsterinsights_sitenote_category":0,"footnotes":""},"class_list":["post-1599","page","type-page","status-publish","hentry"],"_links":{"self":[{"href":"https:\/\/cpcs.international\/index.php\/wp-json\/wp\/v2\/pages\/1599","targetHints":{"allow":["GET"]}}],"collection":[{"href":"https:\/\/cpcs.international\/index.php\/wp-json\/wp\/v2\/pages"}],"about":[{"href":"https:\/\/cpcs.international\/index.php\/wp-json\/wp\/v2\/types\/page"}],"author":[{"embeddable":true,"href":"https:\/\/cpcs.international\/index.php\/wp-json\/wp\/v2\/users\/1"}],"replies":[{"embeddable":true,"href":"https:\/\/cpcs.international\/index.php\/wp-json\/wp\/v2\/comments?post=1599"}],"version-history":[{"count":19,"href":"https:\/\/cpcs.international\/index.php\/wp-json\/wp\/v2\/pages\/1599\/revisions"}],"predecessor-version":[{"id":1694,"href":"https:\/\/cpcs.international\/index.php\/wp-json\/wp\/v2\/pages\/1599\/revisions\/1694"}],"wp:attachment":[{"href":"https:\/\/cpcs.international\/index.php\/wp-json\/wp\/v2\/media?parent=1599"}],"curies":[{"name":"wp","href":"https:\/\/api.w.org\/{rel}","templated":true}]}}